{"id":1485,"date":"2026-03-11T16:27:20","date_gmt":"2026-03-11T16:27:20","guid":{"rendered":"https:\/\/kistavolsagokvarosa.hu\/?page_id=1485"},"modified":"2026-04-10T09:30:27","modified_gmt":"2026-04-10T09:30:27","slug":"peticio","status":"publish","type":"page","link":"https:\/\/kistavolsagokvarosa.hu\/en\/peticio\/","title":{"rendered":"Pet\u00edci\u00f3: nemet mondunk a j\u00f3kedv \u00e9s a sz\u00f3rakoz\u00e1s \u00fcld\u00f6z\u00e9s\u00e9re Budapesten, nemet mondunk a teraszok \u00e9s a klubok bez\u00e1r\u00e1s\u00e1ra!"},"content":{"rendered":"[et_pb_section fb_built=&#8221;1&#8243; _builder_version=&#8221;4.27.5&#8243; _module_preset=&#8221;default&#8221; global_colors_info=&#8221;{}&#8221;][et_pb_row _builder_version=&#8221;4.27.5&#8243; _module_preset=&#8221;default&#8221; global_colors_info=&#8221;{}&#8221;][et_pb_column type=&#8221;4_4&#8243; _builder_version=&#8221;4.27.5&#8243; _module_preset=&#8221;default&#8221; global_colors_info=&#8221;{}&#8221;][et_pb_heading title=&#8221;Pet\u00edci\u00f3: nemet mondunk a j\u00f3kedv \u00e9s a sz\u00f3rakoz\u00e1s \u00fcld\u00f6z\u00e9s\u00e9re Budapesten, nemet mondunk a teraszok \u00e9s a klubok bez\u00e1r\u00e1s\u00e1ra!&#8221; _builder_version=&#8221;4.27.5&#8243; _module_preset=&#8221;default&#8221; global_colors_info=&#8221;{}&#8221;][\/et_pb_heading][\/et_pb_column][\/et_pb_row][et_pb_row column_structure=&#8221;1_2,1_2&#8243; _builder_version=&#8221;4.27.5&#8243; _module_preset=&#8221;default&#8221; global_colors_info=&#8221;{}&#8221;][et_pb_column type=&#8221;1_2&#8243; _builder_version=&#8221;4.27.5&#8243; _module_preset=&#8221;default&#8221; global_colors_info=&#8221;{}&#8221;][et_pb_blurb image=&#8221;https:\/\/kistavolsagokvarosa.hu\/wp-content\/uploads\/2026\/03\/tesasz.jpg&#8221; _builder_version=&#8221;4.27.5&#8243; _module_preset=&#8221;default&#8221; global_colors_info=&#8221;{}&#8221;]<p><span style=\"font-weight: 400;\">Az elm\u00falt hetekben joggal lehet az az ember \u00e9rz\u00e9se, hogy a politikai \u00e9let meghat\u00e1rozott szerepl\u0151i harcot ind\u00edtottak a j\u00f3kedvvel \u00e9s a sz\u00f3rakoz\u00e1ssal szemben Budapesten: a kollekt\u00edv b\u0171n\u00f6ss\u00e9g jegy\u00e9ben v\u00e1rosszerte z\u00e1rj\u00e1k be egyik napr\u00f3l a m\u00e1sikra a klubokat, mik\u00f6zben Erzs\u00e9betv\u00e1rosban a teraszokat lehetetlen\u00edtik el.<\/span><\/p>\n<p><span style=\"font-weight: 400;\">Budapest egy nagyv\u00e1ros, \u00e9s a v\u00e1rosi l\u00e9t egyik fontos el\u0151nye, hogy igenis van lehet\u0151s\u00e9g este elmenni sz\u00f3rakozni, van lehet\u0151s\u00e9g ki\u00fclni egy teraszra \u00e9s meginni egy k\u00e1v\u00e9t. Ezt a jogot senki nem veheti el t\u0151l\u00fcnk, v\u00e1roslak\u00f3kt\u00f3l semmilyen politikai hecckamp\u00e1ny olt\u00e1r\u00e1n. A hatalomnak nem a j\u00f3kedvet \u00e9s a sz\u00f3rakoz\u00e1st kell \u00fcld\u00f6znie a v\u00e1rosban, hanem a t\u00f6rv\u00e9ny- \u00e9s szab\u00e1lys\u00e9rt\u0151ket.<\/span><\/p>\n<p><span style=\"font-weight: 400;\">Mi, ezen pet\u00edci\u00f3 al\u00e1\u00edr\u00f3i nemet mondunk a kollekt\u00edv b\u0171n\u00f6ss\u00e9g elve alapj\u00e1n zajl\u00f3 klubbez\u00e1r\u00e1sokra, nemet mondunk a teraszok betilt\u00e1s\u00e1ra, nemet mondunk a j\u00f3kedv elleni harcra, \u00e9s ki\u00e1llunk amellett, hogy Budapesten nem lehet betiltani a sz\u00f3rakoz\u00e1st. Azt v\u00e1rjuk el a politikusokt\u00f3l, hogy olyan szab\u00e1lyokat alkossanak, amelyek csak a val\u00f3di felel\u0151s\u00f6ket \u00e9s szab\u00e1lys\u00e9rt\u0151ket b\u00fcntetik, de nem veszik el minden v\u00e1roslak\u00f3t\u00f3l a jogot arra, hogy \u00e9ljen a budapesti l\u00e9t adta lehet\u0151s\u00e9gekkel.<\/span><\/p>\n<p><span style=\"font-weight: 400;\">Ki\u00e1llunk a vend\u00e9gl\u00e1t\u00f3helyek mellett, amelyek emberek t\u00edzezreinek biztos\u00edtanak meg\u00e9lhet\u00e9st, \u00e9s befizetett ad\u00f3ikkal jelent\u0151s m\u00e9rt\u00e9kben hozz\u00e1j\u00e1rulnak a ker\u00fcletek, a f\u0151v\u00e1ros \u00e9s az orsz\u00e1g fejl\u0151d\u00e9s\u00e9hez. A politika m\u00e9gis ellens\u00e9gk\u00e9nt tekint r\u00e1juk, \u00e9s minden egyes meghozott szab\u00e1llyal csak tov\u00e1bb er\u0151s\u00edti a bizonytalans\u00e1got.<\/span><\/p>\n<p><span style=\"font-weight: 400;\">Mi szeret\u00fcnk Budapesten \u00e9lni, szeret\u00fcnk Budapesten sz\u00f3rakozni \u00e9s teraszokon k\u00e1v\u00e9zni.<\/span><\/p>[\/et_pb_blurb][\/et_pb_column][et_pb_column type=&#8221;1_2&#8243; _builder_version=&#8221;4.27.5&#8243; _module_preset=&#8221;default&#8221; global_colors_info=&#8221;{}&#8221;][et_pb_code _builder_version=&#8221;4.27.5&#8243; _module_preset=&#8221;default&#8221; text_orientation=&#8221;center&#8221; global_colors_info=&#8221;{}&#8221;]Kit\u00f6lt\u00f6tt\u00e9k: 1,632 alkalommal[\/et_pb_code][et_pb_code _builder_version=&#8221;4.27.5&#8243; _module_preset=&#8221;default&#8221; global_colors_info=&#8221;{}&#8221;]<div class='fluentform ff-default fluentform_wrapper_5 ffs_default_wrap'><form data-form_id=\"5\" id=\"fluentform_5\" class=\"frm-fluent-form fluent_form_5 ff-el-form-top ff_form_instance_5_1 ff-form-loading ffs_default\" data-form_instance=\"ff_form_instance_5_1\" method=\"POST\" action=\"\" ><fieldset  style=\"border: none!important;margin: 0!important;padding: 0!important;background-color: transparent!important;box-shadow: none!important;outline: none!important; min-inline-size: 100%;\">\n                    <legend class=\"ff_screen_reader_title\" style=\"display: block; margin: 0!important;padding: 0!important;height: 0!important;text-indent: -999999px;width: 0!important;overflow:hidden;\">Pet\u00edci\u00f3<\/legend><input type='hidden' name='__fluent_form_embded_post_id' value='1485' \/><input type=\"hidden\" id=\"_fluentform_5_fluentformnonce\" name=\"_fluentform_5_fluentformnonce\" value=\"4807de28dd\" \/><input type=\"hidden\" name=\"_wp_http_referer\" value=\"\/en\/wp-json\/wp\/v2\/pages\/1485\" \/><div data-type=\"name-element\" data-name=\"names\" class=\"ff-field_container ff-name-field-wrapper\" ><div class='ff-t-container'><div class='ff-t-cell'><div class='ff-el-group ff-el-form-top'><div class=\"ff-el-input--label ff-el-is-required asterisk-right\"><label for='ff_5_names_first_name_' id='label_ff_5_names_first_name_' >Vezet\u00e9kn\u00e9v<\/label><\/div><div class='ff-el-input--content'><input type=\"text\" name=\"names[first_name]\" id=\"ff_5_names_first_name_\" class=\"ff-el-form-control\" placeholder=\"Enter Your First Name\" aria-invalid=\"false\" aria-required=\"true\"><\/div><\/div><\/div><div class='ff-t-cell'><div class='ff-el-group ff-el-form-top'><div class=\"ff-el-input--label ff-el-is-required asterisk-right\"><label for='ff_5_names_last_name_' id='label_ff_5_names_last_name_' >Keresztn\u00e9v<\/label><\/div><div class='ff-el-input--content'><input type=\"text\" name=\"names[last_name]\" id=\"ff_5_names_last_name_\" class=\"ff-el-form-control\" placeholder=\"Enter Your Last Name\" aria-invalid=\"false\" aria-required=\"true\"><\/div><\/div><\/div><\/div><\/div><div class='ff-el-group'><div class=\"ff-el-input--label ff-el-is-required asterisk-right\"><label for='ff_5_email' id='label_ff_5_email' aria-label=\"Email c\u00edm\">Email c\u00edm<\/label><\/div><div class='ff-el-input--content'><input type=\"email\" name=\"email\" id=\"ff_5_email\" class=\"ff-el-form-control\" data-name=\"email\"  aria-invalid=\"false\" aria-required=\"true\"><\/div><\/div><div class='ff-el-group'><div class=\"ff-el-input--label asterisk-right\"><label   aria-label=\"H\u00edrlev\u00e9l feliratkoz\u00e1s\">H\u00edrlev\u00e9l feliratkoz\u00e1s<\/label><\/div><div class='ff-el-input--content'><div class='ff-el-form-check ff-el-form-check-'><label class='ff-el-form-check-label' for='checkbox_c5844adce485efd8133773393a852943'><input  type=\"checkbox\" name=\"checkbox[]\" data-name=\"checkbox\" class=\"ff-el-form-check-input ff-el-form-check-checkbox\" value=\"Feliratkozok a Kis T\u00e1vols\u00e1gok V\u00e1rosa Alap\u00edtv\u00e1ny h\u00edrlevel\u00e9re\"  id='checkbox_c5844adce485efd8133773393a852943' aria-label='Feliratkozok a Kis T\u00e1vols\u00e1gok V\u00e1rosa Alap\u00edtv\u00e1ny h\u00edrlevel\u00e9re' aria-invalid='false' aria-required=\"false\"> <span>Feliratkozok a Kis T\u00e1vols\u00e1gok V\u00e1rosa Alap\u00edtv\u00e1ny h\u00edrlevel\u00e9re<\/span><\/label><\/div><\/div><\/div><div class='ff-el-group    ff-el-input--content'><div class='ff-el-form-check ff-el-tc'><label aria-label='Terms and Conditions: Elfogadom az adatkezel\u00e9si t\u00e1j\u00e9koztat\u00f3t Contains 1 link. Use tab navigation to review.' class='ff-el-form-check-label ff_tc_label' for=\"gdpr-agreement_3b2ed4de5c0ff92c5206a1297f33e142\"><span class='ff_tc_checkbox'><input type=\"checkbox\" name=\"gdpr-agreement\" class=\"ff-el-form-check-input ff_gdpr_field\" data-name=\"gdpr-agreement\" id=\"gdpr-agreement_3b2ed4de5c0ff92c5206a1297f33e142\"  value='on' aria-invalid='false' aria-required=\"true\"><\/span> <div class='ff_t_c'>Elfogadom az <a href=\"https:\/\/kistavolsagokvarosa.hu\/en\/adatkezelesi-tajekoztato\/\">adatkezel\u00e9si t\u00e1j\u00e9koztat\u00f3t<\/a><\/div><\/label><\/div><\/div><div class='ff-el-group ff-text-left ff_submit_btn_wrapper'><button type=\"submit\" class=\"ff-btn ff-btn-submit ff-btn-md ff_btn_style\"  aria-label=\"Pet\u00edci\u00f3 al\u00e1\u00edr\u00e1sa\">Pet\u00edci\u00f3 al\u00e1\u00edr\u00e1sa<\/button><\/div><\/fieldset><input type=\"hidden\" name=\"trp-form-language\" value=\"en\"\/><\/form><div id='fluentform_5_errors' class='ff-errors-in-stack ff_form_instance_5_1 ff-form-loading_errors ff_form_instance_5_1_errors'><\/div><\/div>            <script type=\"text\/javascript\">\n                window.fluent_form_ff_form_instance_5_1 = {\"id\":\"5\",\"settings\":{\"layout\":{\"labelPlacement\":\"top\",\"asteriskPlacement\":\"asterisk-right\",\"helpMessagePlacement\":\"with_label\",\"errorMessagePlacement\":\"inline\",\"cssClassName\":\"\"},\"restrictions\":{\"denyEmptySubmission\":{\"enabled\":false}}},\"form_instance\":\"ff_form_instance_5_1\",\"form_id_selector\":\"fluentform_5\",\"rules\":{\"names[first_name]\":{\"required\":{\"value\":true,\"message\":\"This field is required\",\"global_message\":\"Ez egy k\\u00f6telez\\u0151 mez\\u0151\",\"global\":true}},\"names[middle_name]\":{\"required\":{\"value\":false,\"message\":\"This field is required\",\"global_message\":\"Ez egy k\\u00f6telez\\u0151 mez\\u0151\",\"global\":true}},\"names[last_name]\":{\"required\":{\"value\":true,\"message\":\"This field is required\",\"global_message\":\"Ez egy k\\u00f6telez\\u0151 mez\\u0151\",\"global\":true}},\"email\":{\"required\":{\"value\":true,\"message\":\"This field is required\",\"global_message\":\"Ez egy k\\u00f6telez\\u0151 mez\\u0151\",\"global\":true},\"email\":{\"value\":false,\"message\":\"This field must contain a valid email\",\"global_message\":\"A mez\\u0151nek \\u00e9rv\\u00e9nyes emailc\\u00edmet kell tartalmaznia\",\"global\":true}},\"checkbox\":{\"required\":{\"value\":false,\"message\":\"This field is required\",\"global_message\":\"Ez egy k\\u00f6telez\\u0151 mez\\u0151\",\"global\":true}},\"gdpr-agreement\":{\"required\":{\"value\":true,\"message\":\"This field is required\",\"global_message\":\"Ez egy k\\u00f6telez\\u0151 mez\\u0151\",\"global\":true}}},\"debounce_time\":300};\n                            <\/script>\n            [\/et_pb_code][\/et_pb_column][\/et_pb_row][\/et_pb_section]","protected":false},"excerpt":{"rendered":"<p>Az elm\u00falt hetekben joggal lehet az az ember \u00e9rz\u00e9se, hogy a politikai \u00e9let meghat\u00e1rozott szerepl\u0151i harcot ind\u00edtottak a j\u00f3kedvvel \u00e9s a sz\u00f3rakoz\u00e1ssal szemben Budapesten: a kollekt\u00edv b\u0171n\u00f6ss\u00e9g jegy\u00e9ben v\u00e1rosszerte z\u00e1rj\u00e1k be egyik napr\u00f3l a m\u00e1sikra a klubokat, mik\u00f6zben Erzs\u00e9betv\u00e1rosban a teraszokat lehetetlen\u00edtik el. Budapest egy nagyv\u00e1ros, \u00e9s a v\u00e1rosi l\u00e9t egyik fontos el\u0151nye, hogy igenis [&hellip;]<\/p>","protected":false},"author":1,"featured_media":1519,"parent":0,"menu_order":0,"comment_status":"closed","ping_status":"closed","template":"","meta":{"_et_pb_use_builder":"on","_et_pb_old_content":"","_et_gb_content_width":"","footnotes":""},"class_list":["post-1485","page","type-page","status-publish","has-post-thumbnail","hentry"],"yoast_head":"<!-- This site is optimized with the Yoast SEO Premium plugin v26.9 (Yoast SEO v26.9) - https:\/\/yoast.com\/product\/yoast-seo-premium-wordpress\/ -->\n<title>Pet\u00edci\u00f3: nemet mondunk a j\u00f3kedv \u00e9s a sz\u00f3rakoz\u00e1s \u00fcld\u00f6z\u00e9s\u00e9re Budapesten, nemet mondunk a teraszok \u00e9s a klubok bez\u00e1r\u00e1s\u00e1ra! - Kis T\u00e1vols\u00e1gok V\u00e1rosa Alap\u00edtv\u00e1ny<\/title>\n<meta name=\"robots\" content=\"index, follow, max-snippet:-1, max-image-preview:large, max-video-preview:-1\" \/>\n<link rel=\"canonical\" href=\"https:\/\/kistavolsagokvarosa.hu\/en\/peticio\/\" \/>\n<meta property=\"og:locale\" content=\"en_US\" \/>\n<meta property=\"og:type\" content=\"article\" \/>\n<meta property=\"og:title\" content=\"Pet\u00edci\u00f3: nemet mondunk a j\u00f3kedv \u00e9s a sz\u00f3rakoz\u00e1s \u00fcld\u00f6z\u00e9s\u00e9re Budapesten, nemet mondunk a teraszok \u00e9s a klubok bez\u00e1r\u00e1s\u00e1ra!\" \/>\n<meta property=\"og:description\" content=\"Az elm\u00falt hetekben joggal lehet az az ember \u00e9rz\u00e9se, hogy a politikai \u00e9let meghat\u00e1rozott szerepl\u0151i harcot ind\u00edtottak a j\u00f3kedvvel \u00e9s a sz\u00f3rakoz\u00e1ssal szemben Budapesten: a kollekt\u00edv b\u0171n\u00f6ss\u00e9g jegy\u00e9ben v\u00e1rosszerte z\u00e1rj\u00e1k be egyik napr\u00f3l a m\u00e1sikra a klubokat, mik\u00f6zben Erzs\u00e9betv\u00e1rosban a teraszokat lehetetlen\u00edtik el. Budapest egy nagyv\u00e1ros, \u00e9s a v\u00e1rosi l\u00e9t egyik fontos el\u0151nye, hogy igenis [&hellip;]\" \/>\n<meta property=\"og:url\" content=\"https:\/\/kistavolsagokvarosa.hu\/en\/peticio\/\" \/>\n<meta property=\"og:site_name\" content=\"Kis T\u00e1vols\u00e1gok V\u00e1rosa Alap\u00edtv\u00e1ny\" \/>\n<meta property=\"article:modified_time\" content=\"2026-04-10T09:30:27+00:00\" \/>\n<meta property=\"og:image\" content=\"https:\/\/kistavolsagokvarosa.hu\/wp-content\/uploads\/2026\/04\/PETICIO_SOCIAL_Yellow_1200x628-1024x536.jpg\" \/>\n\t<meta property=\"og:image:width\" content=\"1024\" \/>\n\t<meta property=\"og:image:height\" content=\"536\" \/>\n\t<meta property=\"og:image:type\" content=\"image\/jpeg\" \/>\n<meta name=\"twitter:card\" content=\"summary_large_image\" \/>\n<meta name=\"twitter:label1\" content=\"Est. reading time\" \/>\n\t<meta name=\"twitter:data1\" content=\"2 minutes\" \/>\n<script type=\"application\/ld+json\" class=\"yoast-schema-graph\">{\"@context\":\"https:\/\/schema.org\",\"@graph\":[{\"@type\":\"WebPage\",\"@id\":\"https:\/\/kistavolsagokvarosa.hu\/peticio\/\",\"url\":\"https:\/\/kistavolsagokvarosa.hu\/peticio\/\",\"name\":\"Pet\u00edci\u00f3: nemet mondunk a j\u00f3kedv \u00e9s a sz\u00f3rakoz\u00e1s \u00fcld\u00f6z\u00e9s\u00e9re Budapesten, nemet mondunk a teraszok \u00e9s a klubok bez\u00e1r\u00e1s\u00e1ra! - Kis T\u00e1vols\u00e1gok V\u00e1rosa Alap\u00edtv\u00e1ny\",\"isPartOf\":{\"@id\":\"https:\/\/kistavolsagokvarosa.hu\/#website\"},\"primaryImageOfPage\":{\"@id\":\"https:\/\/kistavolsagokvarosa.hu\/peticio\/#primaryimage\"},\"image\":{\"@id\":\"https:\/\/kistavolsagokvarosa.hu\/peticio\/#primaryimage\"},\"thumbnailUrl\":\"https:\/\/kistavolsagokvarosa.hu\/wp-content\/uploads\/2026\/04\/PETICIO_SOCIAL_Yellow_1200x628.jpg\",\"datePublished\":\"2026-03-11T16:27:20+00:00\",\"dateModified\":\"2026-04-10T09:30:27+00:00\",\"breadcrumb\":{\"@id\":\"https:\/\/kistavolsagokvarosa.hu\/peticio\/#breadcrumb\"},\"inLanguage\":\"en-US\",\"potentialAction\":[{\"@type\":\"ReadAction\",\"target\":[\"https:\/\/kistavolsagokvarosa.hu\/peticio\/\"]}]},{\"@type\":\"ImageObject\",\"inLanguage\":\"en-US\",\"@id\":\"https:\/\/kistavolsagokvarosa.hu\/peticio\/#primaryimage\",\"url\":\"https:\/\/kistavolsagokvarosa.hu\/wp-content\/uploads\/2026\/04\/PETICIO_SOCIAL_Yellow_1200x628.jpg\",\"contentUrl\":\"https:\/\/kistavolsagokvarosa.hu\/wp-content\/uploads\/2026\/04\/PETICIO_SOCIAL_Yellow_1200x628.jpg\",\"width\":2500,\"height\":1308},{\"@type\":\"BreadcrumbList\",\"@id\":\"https:\/\/kistavolsagokvarosa.hu\/peticio\/#breadcrumb\",\"itemListElement\":[{\"@type\":\"ListItem\",\"position\":1,\"name\":\"Home\",\"item\":\"https:\/\/kistavolsagokvarosa.hu\/\"},{\"@type\":\"ListItem\",\"position\":2,\"name\":\"Pet\u00edci\u00f3: nemet mondunk a j\u00f3kedv \u00e9s a sz\u00f3rakoz\u00e1s \u00fcld\u00f6z\u00e9s\u00e9re Budapesten, nemet mondunk a teraszok \u00e9s a klubok bez\u00e1r\u00e1s\u00e1ra!\"}]},{\"@type\":\"WebSite\",\"@id\":\"https:\/\/kistavolsagokvarosa.hu\/#website\",\"url\":\"https:\/\/kistavolsagokvarosa.hu\/\",\"name\":\"Kis T\u00e1vols\u00e1gok V\u00e1rosa Alap\u00edtv\u00e1ny\",\"description\":\"My WordPress Blog\",\"potentialAction\":[{\"@type\":\"SearchAction\",\"target\":{\"@type\":\"EntryPoint\",\"urlTemplate\":\"https:\/\/kistavolsagokvarosa.hu\/?s={search_term_string}\"},\"query-input\":{\"@type\":\"PropertyValueSpecification\",\"valueRequired\":true,\"valueName\":\"search_term_string\"}}],\"inLanguage\":\"en-US\"}]}<\/script>\n<!-- \/ Yoast SEO Premium plugin. -->","yoast_head_json":{"title":"Pet\u00edci\u00f3: nemet mondunk a j\u00f3kedv \u00e9s a sz\u00f3rakoz\u00e1s \u00fcld\u00f6z\u00e9s\u00e9re Budapesten, nemet mondunk a teraszok \u00e9s a klubok bez\u00e1r\u00e1s\u00e1ra! - Kis T\u00e1vols\u00e1gok V\u00e1rosa Alap\u00edtv\u00e1ny","robots":{"index":"index","follow":"follow","max-snippet":"max-snippet:-1","max-image-preview":"max-image-preview:large","max-video-preview":"max-video-preview:-1"},"canonical":"https:\/\/kistavolsagokvarosa.hu\/en\/peticio\/","og_locale":"en_US","og_type":"article","og_title":"Pet\u00edci\u00f3: nemet mondunk a j\u00f3kedv \u00e9s a sz\u00f3rakoz\u00e1s \u00fcld\u00f6z\u00e9s\u00e9re Budapesten, nemet mondunk a teraszok \u00e9s a klubok bez\u00e1r\u00e1s\u00e1ra!","og_description":"Az elm\u00falt hetekben joggal lehet az az ember \u00e9rz\u00e9se, hogy a politikai \u00e9let meghat\u00e1rozott szerepl\u0151i harcot ind\u00edtottak a j\u00f3kedvvel \u00e9s a sz\u00f3rakoz\u00e1ssal szemben Budapesten: a kollekt\u00edv b\u0171n\u00f6ss\u00e9g jegy\u00e9ben v\u00e1rosszerte z\u00e1rj\u00e1k be egyik napr\u00f3l a m\u00e1sikra a klubokat, mik\u00f6zben Erzs\u00e9betv\u00e1rosban a teraszokat lehetetlen\u00edtik el. Budapest egy nagyv\u00e1ros, \u00e9s a v\u00e1rosi l\u00e9t egyik fontos el\u0151nye, hogy igenis [&hellip;]","og_url":"https:\/\/kistavolsagokvarosa.hu\/en\/peticio\/","og_site_name":"Kis T\u00e1vols\u00e1gok V\u00e1rosa Alap\u00edtv\u00e1ny","article_modified_time":"2026-04-10T09:30:27+00:00","og_image":[{"width":1024,"height":536,"url":"https:\/\/kistavolsagokvarosa.hu\/wp-content\/uploads\/2026\/04\/PETICIO_SOCIAL_Yellow_1200x628-1024x536.jpg","type":"image\/jpeg"}],"twitter_card":"summary_large_image","twitter_misc":{"Est. reading time":"2 minutes"},"schema":{"@context":"https:\/\/schema.org","@graph":[{"@type":"WebPage","@id":"https:\/\/kistavolsagokvarosa.hu\/peticio\/","url":"https:\/\/kistavolsagokvarosa.hu\/peticio\/","name":"Pet\u00edci\u00f3: nemet mondunk a j\u00f3kedv \u00e9s a sz\u00f3rakoz\u00e1s \u00fcld\u00f6z\u00e9s\u00e9re Budapesten, nemet mondunk a teraszok \u00e9s a klubok bez\u00e1r\u00e1s\u00e1ra! - Kis T\u00e1vols\u00e1gok V\u00e1rosa Alap\u00edtv\u00e1ny","isPartOf":{"@id":"https:\/\/kistavolsagokvarosa.hu\/#website"},"primaryImageOfPage":{"@id":"https:\/\/kistavolsagokvarosa.hu\/peticio\/#primaryimage"},"image":{"@id":"https:\/\/kistavolsagokvarosa.hu\/peticio\/#primaryimage"},"thumbnailUrl":"https:\/\/kistavolsagokvarosa.hu\/wp-content\/uploads\/2026\/04\/PETICIO_SOCIAL_Yellow_1200x628.jpg","datePublished":"2026-03-11T16:27:20+00:00","dateModified":"2026-04-10T09:30:27+00:00","breadcrumb":{"@id":"https:\/\/kistavolsagokvarosa.hu\/peticio\/#breadcrumb"},"inLanguage":"en-US","potentialAction":[{"@type":"ReadAction","target":["https:\/\/kistavolsagokvarosa.hu\/peticio\/"]}]},{"@type":"ImageObject","inLanguage":"en-US","@id":"https:\/\/kistavolsagokvarosa.hu\/peticio\/#primaryimage","url":"https:\/\/kistavolsagokvarosa.hu\/wp-content\/uploads\/2026\/04\/PETICIO_SOCIAL_Yellow_1200x628.jpg","contentUrl":"https:\/\/kistavolsagokvarosa.hu\/wp-content\/uploads\/2026\/04\/PETICIO_SOCIAL_Yellow_1200x628.jpg","width":2500,"height":1308},{"@type":"BreadcrumbList","@id":"https:\/\/kistavolsagokvarosa.hu\/peticio\/#breadcrumb","itemListElement":[{"@type":"ListItem","position":1,"name":"Home","item":"https:\/\/kistavolsagokvarosa.hu\/"},{"@type":"ListItem","position":2,"name":"Pet\u00edci\u00f3: nemet mondunk a j\u00f3kedv \u00e9s a sz\u00f3rakoz\u00e1s \u00fcld\u00f6z\u00e9s\u00e9re Budapesten, nemet mondunk a teraszok \u00e9s a klubok bez\u00e1r\u00e1s\u00e1ra!"}]},{"@type":"WebSite","@id":"https:\/\/kistavolsagokvarosa.hu\/#website","url":"https:\/\/kistavolsagokvarosa.hu\/","name":"Kis T\u00e1vols\u00e1gok V\u00e1rosa Alap\u00edtv\u00e1ny","description":"My WordPress Blog","potentialAction":[{"@type":"SearchAction","target":{"@type":"EntryPoint","urlTemplate":"https:\/\/kistavolsagokvarosa.hu\/?s={search_term_string}"},"query-input":{"@type":"PropertyValueSpecification","valueRequired":true,"valueName":"search_term_string"}}],"inLanguage":"en-US"}]}},"_links":{"self":[{"href":"https:\/\/kistavolsagokvarosa.hu\/en\/wp-json\/wp\/v2\/pages\/1485","targetHints":{"allow":["GET"]}}],"collection":[{"href":"https:\/\/kistavolsagokvarosa.hu\/en\/wp-json\/wp\/v2\/pages"}],"about":[{"href":"https:\/\/kistavolsagokvarosa.hu\/en\/wp-json\/wp\/v2\/types\/page"}],"author":[{"embeddable":true,"href":"https:\/\/kistavolsagokvarosa.hu\/en\/wp-json\/wp\/v2\/users\/1"}],"replies":[{"embeddable":true,"href":"https:\/\/kistavolsagokvarosa.hu\/en\/wp-json\/wp\/v2\/comments?post=1485"}],"version-history":[{"count":17,"href":"https:\/\/kistavolsagokvarosa.hu\/en\/wp-json\/wp\/v2\/pages\/1485\/revisions"}],"predecessor-version":[{"id":1520,"href":"https:\/\/kistavolsagokvarosa.hu\/en\/wp-json\/wp\/v2\/pages\/1485\/revisions\/1520"}],"wp:featuredmedia":[{"embeddable":true,"href":"https:\/\/kistavolsagokvarosa.hu\/en\/wp-json\/wp\/v2\/media\/1519"}],"wp:attachment":[{"href":"https:\/\/kistavolsagokvarosa.hu\/en\/wp-json\/wp\/v2\/media?parent=1485"}],"curies":[{"name":"wp","href":"https:\/\/api.w.org\/{rel}","templated":true}]}}